{"id":16,"date":"2023-10-02T18:19:33","date_gmt":"2023-10-02T16:19:33","guid":{"rendered":"https:\/\/metspains.fr\/?page_id=16"},"modified":"2025-04-13T19:24:44","modified_gmt":"2025-04-13T17:24:44","slug":"nos-producteurs","status":"publish","type":"page","link":"https:\/\/metspains.fr\/?page_id=16","title":{"rendered":"Nos producteurs"},"content":{"rendered":"<p>[et_pb_section fb_built=&#8221;1&#8243; admin_label=&#8221;section&#8221; _builder_version=&#8221;4.16&#8243; global_colors_info=&#8221;{}&#8221;][et_pb_row _builder_version=&#8221;4.22.2&#8243; _module_preset=&#8221;default&#8221; global_colors_info=&#8221;{}&#8221;][et_pb_column type=&#8221;4_4&#8243; _builder_version=&#8221;4.22.2&#8243; _module_preset=&#8221;default&#8221; global_colors_info=&#8221;{}&#8221;][et_pb_text _builder_version=&#8221;4.22.2&#8243; _module_preset=&#8221;default&#8221; text_text_color=&#8221;#000000&#8243; text_font_size=&#8221;18px&#8221; header_text_color=&#8221;#000000&#8243; header_2_text_color=&#8221;#000000&#8243; header_2_font_size=&#8221;37px&#8221; global_colors_info=&#8221;{}&#8221;]<\/p>\n<h2>Tout est du coin et fi\u00e8rs de collaborer avec\u00a0 :<\/h2>\n<p>[\/et_pb_text][\/et_pb_column][\/et_pb_row][et_pb_row column_structure=&#8221;1_2,1_2&#8243; _builder_version=&#8221;4.22.2&#8243; _module_preset=&#8221;default&#8221; global_colors_info=&#8221;{}&#8221;][et_pb_column type=&#8221;1_2&#8243; _builder_version=&#8221;4.22.2&#8243; _module_preset=&#8221;default&#8221; global_colors_info=&#8221;{}&#8221;][et_pb_blurb title=&#8221;Ferme Moulini paysan meunier boulanger Bio  &#8211; Valady&#8221; image_icon_background_color=&#8221;RGBA(255,255,255,0)&#8221; image=&#8221;http:\/\/metspains.fr\/wp-content\/uploads\/2023\/10\/farine.png&#8221; image_icon_width=&#8221;26%&#8221; _builder_version=&#8221;4.22.2&#8243; _module_preset=&#8221;default&#8221; header_text_align=&#8221;center&#8221; header_text_color=&#8221;#000000&#8243; image_icon_custom_margin=&#8221;10px||||false|false&#8221; text_orientation=&#8221;center&#8221; child_filter_brightness=&#8221;104%&#8221; border_width_all=&#8221;3px&#8221; border_color_all=&#8221;#000000&#8243; border_color_all_image=&#8221;#000000&#8243; global_colors_info=&#8221;{}&#8221; border_color_all_image__hover_enabled=&#8221;on|desktop&#8221; border_color_all_image__hover=&#8221;#000000&#8243;]<\/p>\n<p style=\"text-align: center;\">Farine T80 de vari\u00e9t\u00e9s ancienne sur moulin stri\u00e9e<\/p>\n<p>[\/et_pb_blurb][\/et_pb_column][et_pb_column type=&#8221;1_2&#8243; _builder_version=&#8221;4.22.2&#8243; _module_preset=&#8221;default&#8221; global_colors_info=&#8221;{}&#8221;][et_pb_blurb title=&#8221;Biotenga maraichage Bio &#8211; Livignac le haut&#8221; image_icon_background_color=&#8221;RGBA(255,255,255,0)&#8221; image=&#8221;http:\/\/metspains.fr\/wp-content\/uploads\/2023\/10\/2329903.png&#8221; image_icon_width=&#8221;26%&#8221; _builder_version=&#8221;4.22.2&#8243; _module_preset=&#8221;default&#8221; header_text_align=&#8221;center&#8221; header_text_color=&#8221;#000000&#8243; body_text_align=&#8221;center&#8221; image_icon_custom_margin=&#8221;10px||||false|false&#8221; border_width_all=&#8221;3px&#8221; border_color_all=&#8221;#000000&#8243; global_colors_info=&#8221;{}&#8221;]<\/p>\n<p>L\u00e9gumes<\/p>\n<p>[\/et_pb_blurb][\/et_pb_column][\/et_pb_row][et_pb_row column_structure=&#8221;1_2,1_2&#8243; _builder_version=&#8221;4.22.2&#8243; _module_preset=&#8221;default&#8221; global_colors_info=&#8221;{}&#8221;][et_pb_column type=&#8221;1_2&#8243; _builder_version=&#8221;4.22.2&#8243; _module_preset=&#8221;default&#8221; global_colors_info=&#8221;{}&#8221;][et_pb_blurb title=&#8221;Ferme de la Garde Bio &#8211; Baraqueville&#8221; image_icon_background_color=&#8221;RGBA(255,255,255,0)&#8221; image=&#8221;http:\/\/metspains.fr\/wp-content\/uploads\/2023\/10\/4416758.png&#8221; image_icon_width=&#8221;26%&#8221; _builder_version=&#8221;4.22.2&#8243; _module_preset=&#8221;default&#8221; header_text_align=&#8221;center&#8221; header_text_color=&#8221;#000000&#8243; image_icon_custom_margin=&#8221;10px||||false|false&#8221; text_orientation=&#8221;center&#8221; child_filter_brightness=&#8221;104%&#8221; border_width_all=&#8221;3px&#8221; border_color_all=&#8221;#000000&#8243; border_color_all_image=&#8221;#FFFFFF&#8221; global_colors_info=&#8221;{}&#8221; border_color_all_image__hover_enabled=&#8221;on|desktop&#8221; border_color_all_image__hover=&#8221;#FFFFFF&#8221;]<\/p>\n<p style=\"text-align: center;\">Pomme de terre<\/p>\n<p>[\/et_pb_blurb][\/et_pb_column][et_pb_column type=&#8221;1_2&#8243; _builder_version=&#8221;4.22.2&#8243; _module_preset=&#8221;default&#8221; global_colors_info=&#8221;{}&#8221;][et_pb_blurb title=&#8221;Maison de Quintard &#8211; St Felix de Lunel&#8221; image_icon_background_color=&#8221;RGBA(255,255,255,0)&#8221; image=&#8221;http:\/\/metspains.fr\/wp-content\/uploads\/2023\/10\/hen-chicken-icon-on-transparent-background-free-png.webp&#8221; image_icon_width=&#8221;42%&#8221; _builder_version=&#8221;4.22.2&#8243; _module_preset=&#8221;default&#8221; header_text_align=&#8221;center&#8221; header_text_color=&#8221;#000000&#8243; body_text_align=&#8221;center&#8221; image_icon_custom_margin=&#8221;10px||||false|false&#8221; border_width_all=&#8221;3px&#8221; border_color_all=&#8221;#000000&#8243; border_color_all_image=&#8221;#000000&#8243; global_colors_info=&#8221;{}&#8221;]<\/p>\n<p>Oeufs &amp; Vollailes<\/p>\n<p>[\/et_pb_blurb][\/et_pb_column][\/et_pb_row][et_pb_row column_structure=&#8221;1_2,1_2&#8243; _builder_version=&#8221;4.22.2&#8243; _module_preset=&#8221;default&#8221; global_colors_info=&#8221;{}&#8221;][et_pb_column type=&#8221;1_2&#8243; _builder_version=&#8221;4.22.2&#8243; _module_preset=&#8221;default&#8221; global_colors_info=&#8221;{}&#8221;][et_pb_blurb title=&#8221;Ferme de Mayrinhac &#8211; Rodelle&#8221; image_icon_background_color=&#8221;RGBA(255,255,255,0)&#8221; image=&#8221;http:\/\/metspains.fr\/wp-content\/uploads\/2023\/10\/2853141.png&#8221; image_icon_width=&#8221;26%&#8221; _builder_version=&#8221;4.22.2&#8243; _module_preset=&#8221;default&#8221; header_text_align=&#8221;center&#8221; header_text_color=&#8221;#000000&#8243; text_orientation=&#8221;center&#8221; child_filter_brightness=&#8221;104%&#8221; border_width_all=&#8221;3px&#8221; border_color_all=&#8221;#000000&#8243; border_color_all_image=&#8221;#000000&#8243; global_colors_info=&#8221;{}&#8221; border_color_all_image__hover_enabled=&#8221;on|desktop&#8221; border_color_all_image__hover=&#8221;#FFFFFF&#8221;]<\/p>\n<p style=\"text-align: center;\">Charcuterie, Viande de porc et Agneau<\/p>\n<p>[\/et_pb_blurb][et_pb_blurb title=&#8221;Hyars Bio &#8211; Flavin&#8221; image_icon_background_color=&#8221;RGBA(255,255,255,0)&#8221; image=&#8221;http:\/\/metspains.fr\/wp-content\/uploads\/2024\/03\/chickpea_6894573.png&#8221; image_icon_width=&#8221;26%&#8221; _builder_version=&#8221;4.22.2&#8243; _module_preset=&#8221;default&#8221; header_text_align=&#8221;center&#8221; header_text_color=&#8221;#000000&#8243; text_orientation=&#8221;center&#8221; child_filter_brightness=&#8221;104%&#8221; border_width_all=&#8221;3px&#8221; border_color_all=&#8221;#000000&#8243; border_color_all_image=&#8221;#000000&#8243; global_colors_info=&#8221;{}&#8221; border_color_all_image__hover_enabled=&#8221;on|desktop&#8221; border_color_all_image__hover=&#8221;#FFFFFF&#8221;]<\/p>\n<p class=\"cvGsUA direction-ltr align-center para-style-body\"><span class=\"OYPEnA text-decoration-none text-strikethrough-none\">Pois Chiches, Lentilles<\/span><\/p>\n<p>[\/et_pb_blurb][et_pb_blurb title=&#8221;Ferme des Bouteillous &#8211; Nauviale&#8221; image_icon_background_color=&#8221;RGBA(255,255,255,0)&#8221; image=&#8221;http:\/\/metspains.fr\/wp-content\/uploads\/2024\/03\/honey_5721737.png&#8221; image_icon_width=&#8221;26%&#8221; _builder_version=&#8221;4.22.2&#8243; _module_preset=&#8221;default&#8221; header_text_align=&#8221;center&#8221; header_text_color=&#8221;#000000&#8243; text_orientation=&#8221;center&#8221; child_filter_brightness=&#8221;104%&#8221; border_width_all=&#8221;3px&#8221; border_color_all=&#8221;#000000&#8243; border_color_all_image=&#8221;#000000&#8243; global_colors_info=&#8221;{}&#8221; border_color_all_image__hover_enabled=&#8221;on|desktop&#8221; border_color_all_image__hover=&#8221;#FFFFFF&#8221;]<\/p>\n<p class=\"cvGsUA direction-ltr align-center para-style-body\"><span class=\"OYPEnA text-decoration-none text-strikethrough-none\">Miel<\/span><\/p>\n<p>[\/et_pb_blurb][\/et_pb_column][et_pb_column type=&#8221;1_2&#8243; _builder_version=&#8221;4.22.2&#8243; _module_preset=&#8221;default&#8221; global_colors_info=&#8221;{}&#8221;][et_pb_blurb title=&#8221;La Ferme de Bouteillous Bio &#8211; Nauviale&#8221; image_icon_background_color=&#8221;RGBA(255,255,255,0)&#8221; image=&#8221;http:\/\/metspains.fr\/wp-content\/uploads\/2023\/10\/66507.png&#8221; image_icon_width=&#8221;26%&#8221; _builder_version=&#8221;4.22.2&#8243; _module_preset=&#8221;default&#8221; header_text_align=&#8221;center&#8221; header_text_color=&#8221;#000000&#8243; text_orientation=&#8221;center&#8221; child_filter_brightness=&#8221;104%&#8221; border_width_all=&#8221;3px&#8221; border_color_all=&#8221;#000000&#8243; border_color_all_image=&#8221;#000000&#8243; global_colors_info=&#8221;{}&#8221; border_color_all_image__hover_enabled=&#8221;on|desktop&#8221; border_color_all_image__hover=&#8221;#FFFFFF&#8221;]<\/p>\n<p>Fromage de vache au lait cru<\/p>\n<p>[\/et_pb_blurb][et_pb_blurb title=&#8221;Caf\u00e9 du March\u00e9 &#8211; Rodez&#8221; image_icon_background_color=&#8221;RGBA(255,255,255,0)&#8221; image=&#8221;http:\/\/metspains.fr\/wp-content\/uploads\/2024\/04\/coffee_13980894.png&#8221; image_icon_width=&#8221;26%&#8221; _builder_version=&#8221;4.22.2&#8243; _module_preset=&#8221;default&#8221; header_text_align=&#8221;center&#8221; header_text_color=&#8221;#000000&#8243; text_orientation=&#8221;center&#8221; child_filter_brightness=&#8221;104%&#8221; border_width_all=&#8221;3px&#8221; border_color_all=&#8221;#000000&#8243; border_color_all_image=&#8221;#000000&#8243; global_colors_info=&#8221;{}&#8221; border_color_all_image__hover_enabled=&#8221;on|desktop&#8221; border_color_all_image__hover=&#8221;#FFFFFF&#8221;]<\/p>\n<p class=\"cvGsUA direction-ltr align-center para-style-body\"><span class=\"OYPEnA text-decoration-none text-strikethrough-none\">Caf\u00e9, Epices<\/span><\/p>\n<p>[\/et_pb_blurb][et_pb_blurb title=&#8221;Microbrasserie Origine-Baraqueville&#8221; image_icon_background_color=&#8221;RGBA(255,255,255,0)&#8221; image=&#8221;http:\/\/metspains.fr\/wp-content\/uploads\/2024\/03\/cheers_1088016.png&#8221; image_icon_width=&#8221;26%&#8221; _builder_version=&#8221;4.22.2&#8243; _module_preset=&#8221;default&#8221; header_text_align=&#8221;center&#8221; header_text_color=&#8221;#000000&#8243; text_orientation=&#8221;center&#8221; child_filter_brightness=&#8221;104%&#8221; border_width_all=&#8221;3px&#8221; border_color_all=&#8221;#000000&#8243; border_color_all_image=&#8221;#000000&#8243; global_colors_info=&#8221;{}&#8221; border_color_all_image__hover_enabled=&#8221;on|desktop&#8221; border_color_all_image__hover=&#8221;#FFFFFF&#8221;]<\/p>\n<p>Bi\u00e8res<\/p>\n<p>[\/et_pb_blurb][\/et_pb_column][\/et_pb_row][\/et_pb_section]<\/p>\n","protected":false},"excerpt":{"rendered":"<p>Tout est du coin et fi\u00e8rs de collaborer avec\u00a0 :Farine T80 de vari\u00e9t\u00e9s ancienne sur moulin stri\u00e9eL\u00e9gumesPomme de terreOeufs &amp; VollailesCharcuterie, Viande de porc et AgneauPois Chiches, LentillesMielFromage de vache au lait cruCaf\u00e9, EpicesBi\u00e8res<\/p>\n","protected":false},"author":1,"featured_media":0,"parent":0,"menu_order":0,"comment_status":"closed","ping_status":"closed","template":"","meta":{"_et_pb_use_builder":"on","_et_pb_old_content":"<!-- wp:paragraph -->\n<p>Ferme Moulinipaysan meunier boulanger Bio, Valady<\/p>\n<!-- \/wp:paragraph -->\n\n<!-- wp:paragraph -->\n<p>Farine T80 de variet\u00e9s ancienne sur moulin stri\u00e9e<\/p>\n<!-- \/wp:paragraph -->\n\n<!-- wp:paragraph -->\n<p>Pains au levain, p\u00e2te a tourte et g\u00e2teaux<\/p>\n<!-- \/wp:paragraph -->\n\n<!-- wp:paragraph -->\n<p>Biotenga maraichage Bio<\/p>\n<!-- \/wp:paragraph -->","_et_gb_content_width":"1080","om_disable_all_campaigns":false,"_monsterinsights_skip_tracking":false,"_monsterinsights_sitenote_active":false,"_monsterinsights_sitenote_note":"","_monsterinsights_sitenote_category":0,"footnotes":""},"class_list":["post-16","page","type-page","status-publish","hentry"],"yoast_head":"<!-- This site is optimized with the Yoast SEO plugin v26.4 - https:\/\/yoast.com\/wordpress\/plugins\/seo\/ -->\n<title>Nos producteurs<\/title>\n<meta name=\"description\" content=\"Nous avons choisi nos produits avec le plus grand soin. Tous nos produits sont originaires d&#039;Aveyron.\" \/>\n<meta name=\"robots\" content=\"index, follow, max-snippet:-1, max-image-preview:large, max-video-preview:-1\" \/>\n<link rel=\"canonical\" href=\"https:\/\/metspains.fr\/?page_id=16\" \/>\n<meta property=\"og:locale\" content=\"en_US\" \/>\n<meta property=\"og:type\" content=\"article\" \/>\n<meta property=\"og:title\" content=\"Nos producteurs\" \/>\n<meta property=\"og:description\" content=\"Nous avons choisi nos produits avec le plus grand soin. Tous nos produits sont originaires d&#039;Aveyron.\" \/>\n<meta property=\"og:url\" content=\"https:\/\/metspains.fr\/?page_id=16\" \/>\n<meta property=\"og:site_name\" content=\"metspains.fr\" \/>\n<meta property=\"article:publisher\" content=\"https:\/\/www.facebook.com\/profile.php?id=100087102165471\" \/>\n<meta property=\"article:modified_time\" content=\"2025-04-13T17:24:44+00:00\" \/>\n<meta name=\"twitter:card\" content=\"summary_large_image\" \/>\n<meta name=\"twitter:label1\" content=\"Est. reading time\" \/>\n\t<meta name=\"twitter:data1\" content=\"2 minutes\" \/>\n<script type=\"application\/ld+json\" class=\"yoast-schema-graph\">{\"@context\":\"https:\/\/schema.org\",\"@graph\":[{\"@type\":\"WebPage\",\"@id\":\"https:\/\/metspains.fr\/?page_id=16\",\"url\":\"https:\/\/metspains.fr\/?page_id=16\",\"name\":\"Nos producteurs\",\"isPartOf\":{\"@id\":\"https:\/\/metspains.fr\/#website\"},\"datePublished\":\"2023-10-02T16:19:33+00:00\",\"dateModified\":\"2025-04-13T17:24:44+00:00\",\"description\":\"Nous avons choisi nos produits avec le plus grand soin. Tous nos produits sont originaires d'Aveyron.\",\"breadcrumb\":{\"@id\":\"https:\/\/metspains.fr\/?page_id=16#breadcrumb\"},\"inLanguage\":\"en-US\",\"potentialAction\":[{\"@type\":\"ReadAction\",\"target\":[\"https:\/\/metspains.fr\/?page_id=16\"]}]},{\"@type\":\"BreadcrumbList\",\"@id\":\"https:\/\/metspains.fr\/?page_id=16#breadcrumb\",\"itemListElement\":[{\"@type\":\"ListItem\",\"position\":1,\"name\":\"Accueil\",\"item\":\"https:\/\/metspains.fr\/\"},{\"@type\":\"ListItem\",\"position\":2,\"name\":\"Nos producteurs\"}]},{\"@type\":\"WebSite\",\"@id\":\"https:\/\/metspains.fr\/#website\",\"url\":\"https:\/\/metspains.fr\/\",\"name\":\"metspains.fr\",\"description\":\"\",\"publisher\":{\"@id\":\"https:\/\/metspains.fr\/#organization\"},\"potentialAction\":[{\"@type\":\"SearchAction\",\"target\":{\"@type\":\"EntryPoint\",\"urlTemplate\":\"https:\/\/metspains.fr\/?s={search_term_string}\"},\"query-input\":{\"@type\":\"PropertyValueSpecification\",\"valueRequired\":true,\"valueName\":\"search_term_string\"}}],\"inLanguage\":\"en-US\"},{\"@type\":\"Organization\",\"@id\":\"https:\/\/metspains.fr\/#organization\",\"name\":\"metspains.fr\",\"url\":\"https:\/\/metspains.fr\/\",\"logo\":{\"@type\":\"ImageObject\",\"inLanguage\":\"en-US\",\"@id\":\"https:\/\/metspains.fr\/#\/schema\/logo\/image\/\",\"url\":\"https:\/\/metspains.fr\/wp-content\/uploads\/2023\/10\/mets-et-pains.png\",\"contentUrl\":\"https:\/\/metspains.fr\/wp-content\/uploads\/2023\/10\/mets-et-pains.png\",\"width\":228,\"height\":226,\"caption\":\"metspains.fr\"},\"image\":{\"@id\":\"https:\/\/metspains.fr\/#\/schema\/logo\/image\/\"},\"sameAs\":[\"https:\/\/www.facebook.com\/profile.php?id=100087102165471\",\"https:\/\/www.instagram.com\/mets.pains\/\"]}]}<\/script>\n<!-- \/ Yoast SEO plugin. -->","yoast_head_json":{"title":"Nos producteurs","description":"Nous avons choisi nos produits avec le plus grand soin. Tous nos produits sont originaires d'Aveyron.","robots":{"index":"index","follow":"follow","max-snippet":"max-snippet:-1","max-image-preview":"max-image-preview:large","max-video-preview":"max-video-preview:-1"},"canonical":"https:\/\/metspains.fr\/?page_id=16","og_locale":"en_US","og_type":"article","og_title":"Nos producteurs","og_description":"Nous avons choisi nos produits avec le plus grand soin. Tous nos produits sont originaires d'Aveyron.","og_url":"https:\/\/metspains.fr\/?page_id=16","og_site_name":"metspains.fr","article_publisher":"https:\/\/www.facebook.com\/profile.php?id=100087102165471","article_modified_time":"2025-04-13T17:24:44+00:00","twitter_card":"summary_large_image","twitter_misc":{"Est. reading time":"2 minutes"},"schema":{"@context":"https:\/\/schema.org","@graph":[{"@type":"WebPage","@id":"https:\/\/metspains.fr\/?page_id=16","url":"https:\/\/metspains.fr\/?page_id=16","name":"Nos producteurs","isPartOf":{"@id":"https:\/\/metspains.fr\/#website"},"datePublished":"2023-10-02T16:19:33+00:00","dateModified":"2025-04-13T17:24:44+00:00","description":"Nous avons choisi nos produits avec le plus grand soin. Tous nos produits sont originaires d'Aveyron.","breadcrumb":{"@id":"https:\/\/metspains.fr\/?page_id=16#breadcrumb"},"inLanguage":"en-US","potentialAction":[{"@type":"ReadAction","target":["https:\/\/metspains.fr\/?page_id=16"]}]},{"@type":"BreadcrumbList","@id":"https:\/\/metspains.fr\/?page_id=16#breadcrumb","itemListElement":[{"@type":"ListItem","position":1,"name":"Accueil","item":"https:\/\/metspains.fr\/"},{"@type":"ListItem","position":2,"name":"Nos producteurs"}]},{"@type":"WebSite","@id":"https:\/\/metspains.fr\/#website","url":"https:\/\/metspains.fr\/","name":"metspains.fr","description":"","publisher":{"@id":"https:\/\/metspains.fr\/#organization"},"potentialAction":[{"@type":"SearchAction","target":{"@type":"EntryPoint","urlTemplate":"https:\/\/metspains.fr\/?s={search_term_string}"},"query-input":{"@type":"PropertyValueSpecification","valueRequired":true,"valueName":"search_term_string"}}],"inLanguage":"en-US"},{"@type":"Organization","@id":"https:\/\/metspains.fr\/#organization","name":"metspains.fr","url":"https:\/\/metspains.fr\/","logo":{"@type":"ImageObject","inLanguage":"en-US","@id":"https:\/\/metspains.fr\/#\/schema\/logo\/image\/","url":"https:\/\/metspains.fr\/wp-content\/uploads\/2023\/10\/mets-et-pains.png","contentUrl":"https:\/\/metspains.fr\/wp-content\/uploads\/2023\/10\/mets-et-pains.png","width":228,"height":226,"caption":"metspains.fr"},"image":{"@id":"https:\/\/metspains.fr\/#\/schema\/logo\/image\/"},"sameAs":["https:\/\/www.facebook.com\/profile.php?id=100087102165471","https:\/\/www.instagram.com\/mets.pains\/"]}]}},"_links":{"self":[{"href":"https:\/\/metspains.fr\/index.php?rest_route=\/wp\/v2\/pages\/16","targetHints":{"allow":["GET"]}}],"collection":[{"href":"https:\/\/metspains.fr\/index.php?rest_route=\/wp\/v2\/pages"}],"about":[{"href":"https:\/\/metspains.fr\/index.php?rest_route=\/wp\/v2\/types\/page"}],"author":[{"embeddable":true,"href":"https:\/\/metspains.fr\/index.php?rest_route=\/wp\/v2\/users\/1"}],"replies":[{"embeddable":true,"href":"https:\/\/metspains.fr\/index.php?rest_route=%2Fwp%2Fv2%2Fcomments&post=16"}],"version-history":[{"count":19,"href":"https:\/\/metspains.fr\/index.php?rest_route=\/wp\/v2\/pages\/16\/revisions"}],"predecessor-version":[{"id":995,"href":"https:\/\/metspains.fr\/index.php?rest_route=\/wp\/v2\/pages\/16\/revisions\/995"}],"wp:attachment":[{"href":"https:\/\/metspains.fr\/index.php?rest_route=%2Fwp%2Fv2%2Fmedia&parent=16"}],"curies":[{"name":"wp","href":"https:\/\/api.w.org\/{rel}","templated":true}]}}